{"id":2666,"date":"2023-10-03T07:00:36","date_gmt":"2023-10-03T07:00:36","guid":{"rendered":"https:\/\/talleresmaton.com\/?page_id=2666"},"modified":"2023-10-03T07:00:38","modified_gmt":"2023-10-03T07:00:38","slug":"accesibilidad","status":"publish","type":"page","link":"https:\/\/talleresmaton.com\/en\/accesibilidad\/","title":{"rendered":"Accesibilidad"},"content":{"rendered":"<h2 class=\"wp-block-heading\">Accesibilidad<\/h2>\n\n\n\n<p>JOS\u00c9 ALFONSO AZNAR VI\u00d1ES se ha comprometido a hacer accesible su sitio web, de conformidad con el Real Decreto 1112\/2018, de 7 de septiembre, sobre accesibilidad de los sitios web y aplicaciones para dispositivos m\u00f3viles.<\/p>\n\n\n\n<p>La presente declaraci\u00f3n de accesibilidad se aplica al sitio web&nbsp;<a href=\"https:\/\/talleresmaton.com\/en\/\">www.talleresmaton.com\/<\/a>:<\/p>\n\n\n\n<h5 class=\"wp-block-heading\">Situaci\u00f3n de cumplimiento<\/h5>\n\n\n\n<p>Este sitio web es parcialmente conforme con el&nbsp;<a href=\"https:\/\/www.boe.es\/diario_boe\/txt.php?id=BOE-A-2018-12699\" target=\"_blank\" rel=\"noreferrer noopener\">RD 1112\/2018<\/a>&nbsp;debido a las excepciones y a la falta de conformidad de los aspectos que se indican en el siguiente punto.<\/p>\n\n\n\n<h5 class=\"wp-block-heading\">Contenido no accesible<\/h5>\n\n\n\n<p>El contenido que se recoge a continuaci\u00f3n no es accesible por lo siguiente:<\/p>\n\n\n\n<ul class=\"wp-block-list\">\n<li>Falta de conformidad con el RD 1112\/2018<\/li>\n<\/ul>\n\n\n\n<p>Podr\u00edan existir algunos aspectos de contraste que no cumplan los m\u00ednimos exigidos, 3:1, con respecto a los colores adyacentes del fondo de la secci\u00f3n de la web en cuesti\u00f3n. [9.1.4.11 Contraste no textual]<\/p>\n\n\n\n<p>Podr\u00edan existir algunos elementos no textuales no etiquetados correctamente [2.5.3 Etiqueta en el nombre] y [4.1.2 Nombre funci\u00f3n y valor]<\/p>\n\n\n\n<p>Los buscadores buscan autom\u00e1ticamente sin necesidad de ordenar ninguna acci\u00f3n por parte del usuario [3.2.2 Al recibir entradas]<\/p>\n\n\n\n<p>Podr\u00edan existir algunos textos en otro idioma no etiquetados correctamente [3.1.2 Idioma de las partes]<\/p>\n\n\n\n<p>Podr\u00edan existir errores de c\u00f3digo puntuales de edici\u00f3n en alguna p\u00e1gina web. [4.1.1 Procesamiento]<\/p>\n\n\n\n<ul class=\"wp-block-list\">\n<li>Carga desproporcionada<\/li>\n<\/ul>\n\n\n\n<p>No aplica.<\/p>\n\n\n\n<ul class=\"wp-block-list\">\n<li>El contenido no entra dentro del \u00e1mbito de la legislaci\u00f3n aplicable<\/li>\n<\/ul>\n\n\n\n<p>Podr\u00edan existir archivos ofim\u00e1ticos en PDF u otros formatos publicados antes del 20 de septiembre de 2018 que no cumplan en su totalidad todos los requisitos de accesibilidad. Aunque se ha procurado que la mayor\u00eda de ellos s\u00ed lo cumplan.<\/p>\n\n\n\n<h5 class=\"wp-block-heading\">Preparaci\u00f3n de la siguiente declaraci\u00f3n de accesibilidad<\/h5>\n\n\n\n<p>La presente declaraci\u00f3n fue preparada el 16 de enero de 2023.<\/p>\n\n\n\n<p>El m\u00e9todo empleado para preparar la declaraci\u00f3n ha sido una autoevaluaci\u00f3n llevada a cabo por el propio organismo.<\/p>\n\n\n\n<p>La Declaraci\u00f3n de Accesibilidad ha sido revisada y actualizada en febrero de 2023.<\/p>\n\n\n\n<h5 class=\"wp-block-heading\">Observaciones y datos de contacto<\/h5>\n\n\n\n<p>Puede realizar comunicaciones sobre requisitos de accesibilidad (articulo 10.2.a del RD 1112\/2018) como por ejemplo:<\/p>\n\n\n\n<ul class=\"wp-block-list\">\n<li>Informar sobre cualquier posible incumplimiento por parte de este sitio web<\/li>\n\n\n\n<li>Transmitir otras dificultades de acceso al contenido<\/li>\n\n\n\n<li>Formular cualquier otra consulta o sugerencia de mejora relativa a la accesibilidad del sitio web<\/li>\n<\/ul>\n\n\n\n<p>A trav\u00e9s del&nbsp;<a href=\"https:\/\/talleresmaton.com\/en\/contacto\/\" target=\"_blank\" rel=\"noreferrer noopener\">formulario de contacto<\/a>&nbsp;de este sitio web.<\/p>\n\n\n\n<p>Puede presentar:<\/p>\n\n\n\n<ul class=\"wp-block-list\">\n<li>Queja relativa al cumplimiento de los requisitos del RD 1112\/2018 o<\/li>\n\n\n\n<li>Solicitud de Informaci\u00f3n accesible relativa a:\n<ul class=\"wp-block-list\">\n<li>Contenidos que est\u00e1n excluidos del \u00e1mbito de aplicaci\u00f3n del RD 1112\/2018 seg\u00fan lo establecido por el art\u00edculo 3, apartado 4<\/li>\n\n\n\n<li>Contenidos que est\u00e1n exentos del cumplimiento de los requisitos de accesibilidad por imponer una carga desproporcionada.<\/li>\n<\/ul>\n<\/li>\n<\/ul>\n\n\n\n<p>En la Solicitud de informaci\u00f3n accesible, se debe concretar, con toda claridad, los hechos, razones y petici\u00f3n que permitan constatar que se trata de una solicitud razonable y leg\u00edtima.<\/p>\n\n\n\n<p>Las quejas y reclamaciones sobre informaci\u00f3n accesible se realizar\u00e1n a trav\u00e9s del&nbsp;<a href=\"https:\/\/talleresmaton.com\/en\/contacto\/\" target=\"_blank\" rel=\"noreferrer noopener\">formulario de contacto<\/a>, y ser\u00e1n recibidas y tratadas por el \u00e1rea de desarrollo web.<\/p>\n\n\n\n<h5 class=\"wp-block-heading\">Procedimiento de aplicaci\u00f3n<\/h5>\n\n\n\n<p>Si una vez realizada una solicitud de informaci\u00f3n accesible o queja, \u00e9sta hubiera sido desestimada, no se estuviera de acuerdo con la decisi\u00f3n adoptada, o la respuesta no cumpliera los requisitos contemplados en el art\u00edculo 12.5, la persona interesada podr\u00e1 iniciar una reclamaci\u00f3n. Igualmente se podr\u00e1 iniciar una reclamaci\u00f3n en el caso de que haya transcurrido el plazo de veinte d\u00edas h\u00e1biles sin haber obtenido respuesta.<\/p>\n\n\n\n<h5 class=\"wp-block-heading\">Contenido opcional<\/h5>\n\n\n\n<p>Este sitio web esta dise\u00f1ado para poder cambiar el tama\u00f1o del texto y el color, as\u00ed como el fondo de la pagina mediante las opciones de configuraci\u00f3n est\u00e1ndar de los navegadores.<\/p>\n\n\n\n<p>Si desea cambiar el tama\u00f1o de letra del texto en los principales navegadores gr\u00e1ficos utilice los siguientes men\u00fas:<\/p>\n\n\n\n<ul class=\"wp-block-list\">\n<li>Internet Explorer, Mozilla y Firefox: Ver &gt; Tama\u00f1o del texto<\/li>\n\n\n\n<li>Opera: Ver &gt; Zoom<\/li>\n\n\n\n<li>Safari: Ver &gt; Hacer el texto mas grande<\/li>\n\n\n\n<li>Chrome: Controla la pagina actual &gt; Tama\u00f1o del texto<\/li>\n\n\n\n<li>Para modificar el tama\u00f1o de todo en la p\u00e1gina:\n<ul class=\"wp-block-list\">\n<li>Ctrl + + para aumentarlo<\/li>\n\n\n\n<li>Ctrl + &#8211; para disminuirlo<\/li>\n\n\n\n<li>Ctrl + 0 restaura el tama\u00f1o original del texto<\/li>\n\n\n\n<li>Si lo que quiere es anular la hoja de estilos o modificar el color del texto, puede consultar la pagina How to Change Text Size or Colors de la WAI, que se puede leer traducida al espa\u00f1ol en \u00bfC\u00f3mo cambiar el tama\u00f1o del texto o colores?<\/li>\n<\/ul>\n<\/li>\n<\/ul>","protected":false},"excerpt":{"rendered":"<p>Accesibilidad JOS\u00c9 ALFONSO AZNAR VI\u00d1ES se ha comprometido a hacer accesible su sitio web, de conformidad con el Real Decreto 1112\/2018, de 7 de septiembre, sobre accesibilidad de los sitios web y aplicaciones para dispositivos m\u00f3viles. La presente declaraci\u00f3n de accesibilidad se aplica al sitio web&nbsp;www.talleresmaton.com\/: Situaci\u00f3n de cumplimiento Este sitio web es parcialmente conforme [&hellip;]<\/p>","protected":false},"author":2,"featured_media":0,"parent":0,"menu_order":0,"comment_status":"closed","ping_status":"closed","template":"","meta":{"inline_featured_image":false,"footnotes":""},"class_list":["post-2666","page","type-page","status-publish","hentry"],"yoast_head":"<!-- This site is optimized with the Yoast SEO plugin v23.4 - https:\/\/yoast.com\/wordpress\/plugins\/seo\/ -->\n<title>Accesibilidad - Talleres Mat\u00f3n<\/title>\n<meta name=\"robots\" content=\"index, follow, max-snippet:-1, max-image-preview:large, max-video-preview:-1\" \/>\n<link rel=\"canonical\" href=\"https:\/\/talleresmaton.com\/en\/accesibilidad\/\" \/>\n<meta property=\"og:locale\" content=\"en_US\" \/>\n<meta property=\"og:type\" content=\"article\" \/>\n<meta property=\"og:title\" content=\"Accesibilidad - Talleres Mat\u00f3n\" \/>\n<meta property=\"og:description\" content=\"Accesibilidad JOS\u00c9 ALFONSO AZNAR VI\u00d1ES se ha comprometido a hacer accesible su sitio web, de conformidad con el Real Decreto 1112\/2018, de 7 de septiembre, sobre accesibilidad de los sitios web y aplicaciones para dispositivos m\u00f3viles. La presente declaraci\u00f3n de accesibilidad se aplica al sitio web&nbsp;www.talleresmaton.com\/: Situaci\u00f3n de cumplimiento Este sitio web es parcialmente conforme [&hellip;]\" \/>\n<meta property=\"og:url\" content=\"https:\/\/talleresmaton.com\/en\/accesibilidad\/\" \/>\n<meta property=\"og:site_name\" content=\"Talleres Mat\u00f3n\" \/>\n<meta property=\"article:modified_time\" content=\"2023-10-03T07:00:38+00:00\" \/>\n<meta name=\"twitter:card\" content=\"summary_large_image\" \/>\n<meta name=\"twitter:label1\" content=\"Est. reading time\" \/>\n\t<meta name=\"twitter:data1\" content=\"4 minutes\" \/>\n<script type=\"application\/ld+json\" class=\"yoast-schema-graph\">{\"@context\":\"https:\/\/schema.org\",\"@graph\":[{\"@type\":\"WebPage\",\"@id\":\"https:\/\/talleresmaton.com\/accesibilidad\/\",\"url\":\"https:\/\/talleresmaton.com\/accesibilidad\/\",\"name\":\"Accesibilidad - Talleres Mat\u00f3n\",\"isPartOf\":{\"@id\":\"https:\/\/talleresmaton.com\/#website\"},\"datePublished\":\"2023-10-03T07:00:36+00:00\",\"dateModified\":\"2023-10-03T07:00:38+00:00\",\"breadcrumb\":{\"@id\":\"https:\/\/talleresmaton.com\/accesibilidad\/#breadcrumb\"},\"inLanguage\":\"en-US\",\"potentialAction\":[{\"@type\":\"ReadAction\",\"target\":[\"https:\/\/talleresmaton.com\/accesibilidad\/\"]}]},{\"@type\":\"BreadcrumbList\",\"@id\":\"https:\/\/talleresmaton.com\/accesibilidad\/#breadcrumb\",\"itemListElement\":[{\"@type\":\"ListItem\",\"position\":1,\"name\":\"Inicio\",\"item\":\"https:\/\/talleresmaton.com\/\"},{\"@type\":\"ListItem\",\"position\":2,\"name\":\"Accesibilidad\"}]},{\"@type\":\"WebSite\",\"@id\":\"https:\/\/talleresmaton.com\/#website\",\"url\":\"https:\/\/talleresmaton.com\/\",\"name\":\"Talleres Mat\u00f3n\",\"description\":\"\",\"publisher\":{\"@id\":\"https:\/\/talleresmaton.com\/#organization\"},\"potentialAction\":[{\"@type\":\"SearchAction\",\"target\":{\"@type\":\"EntryPoint\",\"urlTemplate\":\"https:\/\/talleresmaton.com\/?s={search_term_string}\"},\"query-input\":{\"@type\":\"PropertyValueSpecification\",\"valueRequired\":true,\"valueName\":\"search_term_string\"}}],\"inLanguage\":\"en-US\"},{\"@type\":\"Organization\",\"@id\":\"https:\/\/talleresmaton.com\/#organization\",\"name\":\"Talleres Mat\u00f3n\",\"url\":\"https:\/\/talleresmaton.com\/\",\"logo\":{\"@type\":\"ImageObject\",\"inLanguage\":\"en-US\",\"@id\":\"https:\/\/talleresmaton.com\/#\/schema\/logo\/image\/\",\"url\":\"https:\/\/talleresmaton.com\/wp-content\/uploads\/2023\/07\/talleres-maton-logo-2.svg\",\"contentUrl\":\"https:\/\/talleresmaton.com\/wp-content\/uploads\/2023\/07\/talleres-maton-logo-2.svg\",\"width\":393,\"height\":264,\"caption\":\"Talleres Mat\u00f3n\"},\"image\":{\"@id\":\"https:\/\/talleresmaton.com\/#\/schema\/logo\/image\/\"}}]}<\/script>\n<!-- \/ Yoast SEO plugin. -->","yoast_head_json":{"title":"Accesibilidad - Talleres Mat\u00f3n","robots":{"index":"index","follow":"follow","max-snippet":"max-snippet:-1","max-image-preview":"max-image-preview:large","max-video-preview":"max-video-preview:-1"},"canonical":"https:\/\/talleresmaton.com\/en\/accesibilidad\/","og_locale":"en_US","og_type":"article","og_title":"Accesibilidad - Talleres Mat\u00f3n","og_description":"Accesibilidad JOS\u00c9 ALFONSO AZNAR VI\u00d1ES se ha comprometido a hacer accesible su sitio web, de conformidad con el Real Decreto 1112\/2018, de 7 de septiembre, sobre accesibilidad de los sitios web y aplicaciones para dispositivos m\u00f3viles. La presente declaraci\u00f3n de accesibilidad se aplica al sitio web&nbsp;www.talleresmaton.com\/: Situaci\u00f3n de cumplimiento Este sitio web es parcialmente conforme [&hellip;]","og_url":"https:\/\/talleresmaton.com\/en\/accesibilidad\/","og_site_name":"Talleres Mat\u00f3n","article_modified_time":"2023-10-03T07:00:38+00:00","twitter_card":"summary_large_image","twitter_misc":{"Est. reading time":"4 minutes"},"schema":{"@context":"https:\/\/schema.org","@graph":[{"@type":"WebPage","@id":"https:\/\/talleresmaton.com\/accesibilidad\/","url":"https:\/\/talleresmaton.com\/accesibilidad\/","name":"Accesibilidad - Talleres Mat\u00f3n","isPartOf":{"@id":"https:\/\/talleresmaton.com\/#website"},"datePublished":"2023-10-03T07:00:36+00:00","dateModified":"2023-10-03T07:00:38+00:00","breadcrumb":{"@id":"https:\/\/talleresmaton.com\/accesibilidad\/#breadcrumb"},"inLanguage":"en-US","potentialAction":[{"@type":"ReadAction","target":["https:\/\/talleresmaton.com\/accesibilidad\/"]}]},{"@type":"BreadcrumbList","@id":"https:\/\/talleresmaton.com\/accesibilidad\/#breadcrumb","itemListElement":[{"@type":"ListItem","position":1,"name":"Inicio","item":"https:\/\/talleresmaton.com\/"},{"@type":"ListItem","position":2,"name":"Accesibilidad"}]},{"@type":"WebSite","@id":"https:\/\/talleresmaton.com\/#website","url":"https:\/\/talleresmaton.com\/","name":"Talleres Mat\u00f3n","description":"","publisher":{"@id":"https:\/\/talleresmaton.com\/#organization"},"potentialAction":[{"@type":"SearchAction","target":{"@type":"EntryPoint","urlTemplate":"https:\/\/talleresmaton.com\/?s={search_term_string}"},"query-input":{"@type":"PropertyValueSpecification","valueRequired":true,"valueName":"search_term_string"}}],"inLanguage":"en-US"},{"@type":"Organization","@id":"https:\/\/talleresmaton.com\/#organization","name":"Talleres Mat\u00f3n","url":"https:\/\/talleresmaton.com\/","logo":{"@type":"ImageObject","inLanguage":"en-US","@id":"https:\/\/talleresmaton.com\/#\/schema\/logo\/image\/","url":"https:\/\/talleresmaton.com\/wp-content\/uploads\/2023\/07\/talleres-maton-logo-2.svg","contentUrl":"https:\/\/talleresmaton.com\/wp-content\/uploads\/2023\/07\/talleres-maton-logo-2.svg","width":393,"height":264,"caption":"Talleres Mat\u00f3n"},"image":{"@id":"https:\/\/talleresmaton.com\/#\/schema\/logo\/image\/"}}]}},"_links":{"self":[{"href":"https:\/\/talleresmaton.com\/en\/wp-json\/wp\/v2\/pages\/2666"}],"collection":[{"href":"https:\/\/talleresmaton.com\/en\/wp-json\/wp\/v2\/pages"}],"about":[{"href":"https:\/\/talleresmaton.com\/en\/wp-json\/wp\/v2\/types\/page"}],"author":[{"embeddable":true,"href":"https:\/\/talleresmaton.com\/en\/wp-json\/wp\/v2\/users\/2"}],"replies":[{"embeddable":true,"href":"https:\/\/talleresmaton.com\/en\/wp-json\/wp\/v2\/comments?post=2666"}],"version-history":[{"count":1,"href":"https:\/\/talleresmaton.com\/en\/wp-json\/wp\/v2\/pages\/2666\/revisions"}],"predecessor-version":[{"id":2667,"href":"https:\/\/talleresmaton.com\/en\/wp-json\/wp\/v2\/pages\/2666\/revisions\/2667"}],"wp:attachment":[{"href":"https:\/\/talleresmaton.com\/en\/wp-json\/wp\/v2\/media?parent=2666"}],"curies":[{"name":"wp","href":"https:\/\/api.w.org\/{rel}","templated":true}]}}